{"id":2706,"date":"2021-07-21T22:12:55","date_gmt":"2021-07-21T20:12:55","guid":{"rendered":"https:\/\/cena.wordstaging.com\/?page_id=2706"},"modified":"2025-08-28T09:42:16","modified_gmt":"2025-08-28T07:42:16","slug":"aktuelles","status":"publish","type":"page","link":"https:\/\/www.cena.de\/en\/aktuelles\/","title":{"rendered":"News"},"content":{"rendered":"\t\t<div data-elementor-type=\"wp-page\" data-elementor-id=\"2706\" class=\"elementor elementor-2706\" data-elementor-post-type=\"page\">\n\t\t\t\t\t\t<section class=\"elementor-section elementor-top-section elementor-element elementor-element-c4bf4c7 elementor-section-boxed elementor-section-height-default elementor-section-height-default\" data-id=\"c4bf4c7\" data-element_type=\"section\" data-e-type=\"section\" data-settings=\"{&quot;jet_parallax_layout_list&quot;:[]}\">\n\t\t\t\t\t\t<div class=\"elementor-container elementor-column-gap-default\">\n\t\t\t\t\t<div class=\"elementor-column elementor-col-100 elementor-top-column elementor-element elementor-element-e7e2800\" data-id=\"e7e2800\" data-element_type=\"column\" data-e-type=\"column\">\n\t\t\t<div class=\"elementor-widget-wrap elementor-element-populated\">\n\t\t\t\t\t\t<div class=\"elementor-element elementor-element-0f98ec9 elementor-widget elementor-widget-heading\" data-id=\"0f98ec9\" data-element_type=\"widget\" data-e-type=\"widget\" data-widget_type=\"heading.default\">\n\t\t\t\t<div class=\"elementor-widget-container\">\n\t\t\t\t\t<h1 class=\"elementor-heading-title elementor-size-default\">Aktuelles<\/h1>\t\t\t\t<\/div>\n\t\t\t\t<\/div>\n\t\t\t\t\t<\/div>\n\t\t<\/div>\n\t\t\t\t\t<\/div>\n\t\t<\/section>\n\t\t\t\t<section class=\"elementor-section elementor-top-section elementor-element elementor-element-2324a77 elementor-section-boxed elementor-section-height-default elementor-section-height-default\" data-id=\"2324a77\" data-element_type=\"section\" data-e-type=\"section\" data-settings=\"{&quot;jet_parallax_layout_list&quot;:[{&quot;jet_parallax_layout_image&quot;:{&quot;url&quot;:&quot;&quot;,&quot;id&quot;:&quot;&quot;,&quot;size&quot;:&quot;&quot;},&quot;_id&quot;:&quot;b7dd0e0&quot;,&quot;jet_parallax_layout_image_tablet&quot;:{&quot;url&quot;:&quot;&quot;,&quot;id&quot;:&quot;&quot;,&quot;size&quot;:&quot;&quot;},&quot;jet_parallax_layout_image_mobile&quot;:{&quot;url&quot;:&quot;&quot;,&quot;id&quot;:&quot;&quot;,&quot;size&quot;:&quot;&quot;},&quot;jet_parallax_layout_speed&quot;:{&quot;unit&quot;:&quot;%&quot;,&quot;size&quot;:50,&quot;sizes&quot;:[]},&quot;jet_parallax_layout_type&quot;:&quot;scroll&quot;,&quot;jet_parallax_layout_direction&quot;:&quot;1&quot;,&quot;jet_parallax_layout_fx_direction&quot;:null,&quot;jet_parallax_layout_z_index&quot;:&quot;&quot;,&quot;jet_parallax_layout_bg_x&quot;:50,&quot;jet_parallax_layout_bg_x_tablet&quot;:&quot;&quot;,&quot;jet_parallax_layout_bg_x_mobile&quot;:&quot;&quot;,&quot;jet_parallax_layout_bg_y&quot;:50,&quot;jet_parallax_layout_bg_y_tablet&quot;:&quot;&quot;,&quot;jet_parallax_layout_bg_y_mobile&quot;:&quot;&quot;,&quot;jet_parallax_layout_bg_size&quot;:&quot;auto&quot;,&quot;jet_parallax_layout_bg_size_tablet&quot;:&quot;&quot;,&quot;jet_parallax_layout_bg_size_mobile&quot;:&quot;&quot;,&quot;jet_parallax_layout_animation_prop&quot;:&quot;transform&quot;,&quot;jet_parallax_layout_on&quot;:[&quot;desktop&quot;,&quot;tablet&quot;]}]}\">\n\t\t\t\t\t\t<div class=\"elementor-container elementor-column-gap-default\">\n\t\t\t\t\t<div class=\"elementor-column elementor-col-100 elementor-top-column elementor-element elementor-element-47997ce\" data-id=\"47997ce\" data-element_type=\"column\" data-e-type=\"column\">\n\t\t\t<div class=\"elementor-widget-wrap elementor-element-populated\">\n\t\t\t\t\t\t<div class=\"elementor-element elementor-element-9ea981b elementor-widget elementor-widget-the7_elements\" data-id=\"9ea981b\" data-element_type=\"widget\" data-e-type=\"widget\" data-widget_type=\"the7_elements.default\">\n\t\t\t\t<div class=\"elementor-widget-container\">\n\t\t\t\t\t<div class=\"portfolio-shortcode the7-elementor-widget the7_elements-9ea981b mode-grid dt-css-grid-wrap classic-layout-list description-under-image content-bg-on enable-bg-rollover resize-by-browser-width loading-effect-none show-all-pages\" data-padding=\"20px\" data-mobile-columns-num=\"1\" data-tablet-columns-num=\"3\" data-desktop-columns-num=\"1\" data-wide-desktop-columns-num=\"1\" data-post-limit=\"-1\" data-pagination-mode=\"standard\" data-scroll-offset=\"\"><div class=\"dt-css-grid custom-pagination-handler\"><div class=\"visible wf-cell\" data-post-id=\"5097\" data-date=\"2026-03-11T21:29:23+01:00\" data-name=\"Danke Ulm! Ein Blick zur\u00fcck auf die KPA.\"><article class=\"post visible post-5097 type-post status-publish format-standard has-post-thumbnail hentry category-kpa category-messe category-66 category-62 description-off\" data-name=\"Danke Ulm! Ein Blick zur\u00fcck auf die KPA.\" data-date=\"2026-03-11T21:29:23+01:00\">\n\n\t<div class=\"post-thumbnail-wrap\">\n\t\t<div class=\"post-thumbnail\">\n\n\t\t\t<a class=\"post-thumbnail-rollover layzr-bg img-css-resize-wrapper\" aria-label=\"Post image\" href=\"https:\/\/www.cena.de\/en\/danke-ulm-ein-blick-zurueck-auf-die-kpa\/\"><img fetchpriority=\"high\" decoding=\"async\" width=\"2560\" height=\"2089\" src=\"data:image\/svg+xml,%3Csvg%20xmlns%3D&#039;http%3A%2F%2Fwww.w3.org%2F2000%2Fsvg&#039;%20viewBox%3D&#039;0%200%202560%202089&#039;%2F%3E\" class=\"attachment-full size-full preload-me aspect lazy lazy-load\" alt=\"\" sizes=\"(max-width: 2560px) 100vw, 2560px\" style=\"--ratio: 2560 \/ 2089;\" data-src=\"https:\/\/www.cena.de\/wp-content\/uploads\/2026\/03\/Ulm_IMG_5046_2-scaled.jpeg\" loading=\"eager\" data-srcset=\"https:\/\/www.cena.de\/wp-content\/uploads\/2026\/03\/Ulm_IMG_5046_2-scaled.jpeg 2560w, https:\/\/www.cena.de\/wp-content\/uploads\/2026\/03\/Ulm_IMG_5046_2-300x245.jpeg 300w, https:\/\/www.cena.de\/wp-content\/uploads\/2026\/03\/Ulm_IMG_5046_2-1024x836.jpeg 1024w, https:\/\/www.cena.de\/wp-content\/uploads\/2026\/03\/Ulm_IMG_5046_2-768x627.jpeg 768w, https:\/\/www.cena.de\/wp-content\/uploads\/2026\/03\/Ulm_IMG_5046_2-1536x1253.jpeg 1536w, https:\/\/www.cena.de\/wp-content\/uploads\/2026\/03\/Ulm_IMG_5046_2-2048x1671.jpeg 2048w, https:\/\/www.cena.de\/wp-content\/uploads\/2026\/03\/Ulm_IMG_5046_2-15x12.jpeg 15w\" \/><\/a>\n\t\t<\/div>\n\t<\/div>\n\n\n<div class=\"post-entry-content\">\n\n\t<h3 class=\"ele-entry-title\"><a href=\"https:\/\/www.cena.de\/en\/danke-ulm-ein-blick-zurueck-auf-die-kpa\/\" rel=\"bookmark\" title=\"Danke Ulm! Ein Blick zur\u00fcck auf die KPA.\">Danke Ulm! Ein Blick zur\u00fcck auf die KPA.<\/a><\/h3><div class=\"entry-meta\"><span class=\"meta-item category-link\"><a href=\"https:\/\/www.cena.de\/en\/category\/kpa\/\" rel=\"tag\">KPA<\/a>, <a href=\"https:\/\/www.cena.de\/en\/category\/messe\/\" rel=\"tag\">Messe<\/a><\/span><span class=\"meta-item data-link\"><time class=\"entry-date updated\" datetime=\"2026-03-11T21:29:23+01:00\">11. March 2026<\/time><\/span><\/div><div class=\"entry-excerpt\"><p>Zwei spannende und intensive Tage liegen hinter uns: Die KPA \u2013 Kunststoff Produkte Aktuell in Ulm bot auch in diesem Jahr wieder eine hervorragende Plattform f\u00fcr Austausch, Inspiration und neue Kontakte. An unserem Stand konnten Besucher unsere L\u00f6sungen aus dem Bereich Kabelverschraubungen, Verbindungselemente und Schutzelemente kennenlernen \u2013 und an unserer \u201eDIY Touch + Try\u201c-Station sogar selbst ausprobieren. Besonders gro\u00dfes Interesse galt unseren Push-In Kabelverschraubungen, die eine schnelle und einfache Montage erm\u00f6glichen. Wir bedanken uns herzlich bei allen Besuchern, Partnern und Interessenten f\u00fcr die vielen anregenden Gespr\u00e4che, das positive Feedback und das gro\u00dfe Interesse an unseren Produkten. Die Messe hat erneut gezeigt, wie wichtig der pers\u00f6nliche Austausch in unserer Branche ist \u2013 wir freuen uns schon auf ein Wiedersehen! Ihr Team der CENA Kunststoff GmbH<\/p>\n<\/div><a href=\"https:\/\/www.cena.de\/en\/danke-ulm-ein-blick-zurueck-auf-die-kpa\/\" target=\"\" aria-label=\"Read more about Danke Ulm! Ein Blick zur\u00fcck auf die KPA.\" class=\"box-button elementor-button elementor-size-xs\">mehr<\/a>\n<\/div><\/article><\/div><div class=\"visible wf-cell\" data-post-id=\"5058\" data-date=\"2026-01-21T00:06:39+01:00\" data-name=\"KPA Messe in Ulm 25. + 26. Februar 2026\"><article class=\"post visible post-5058 type-post status-publish format-standard has-post-thumbnail hentry category-kpa category-messe category-66 category-62 description-off\" data-name=\"KPA Messe in Ulm 25. + 26. Februar 2026\" data-date=\"2026-01-21T00:06:39+01:00\">\n\n\t<div class=\"post-thumbnail-wrap\">\n\t\t<div class=\"post-thumbnail\">\n\n\t\t\t<a class=\"post-thumbnail-rollover layzr-bg img-css-resize-wrapper\" aria-label=\"Post image\" href=\"https:\/\/www.cena.de\/en\/kpa-messe-in-ulm-25-26-februar-2026\/\"><img decoding=\"async\" width=\"606\" height=\"606\" src=\"data:image\/svg+xml,%3Csvg%20xmlns%3D&#039;http%3A%2F%2Fwww.w3.org%2F2000%2Fsvg&#039;%20viewBox%3D&#039;0%200%20606%20606&#039;%2F%3E\" class=\"attachment-full size-full preload-me aspect lazy lazy-load\" alt=\"\" sizes=\"(max-width: 606px) 100vw, 606px\" style=\"--ratio: 606 \/ 606;\" data-src=\"https:\/\/www.cena.de\/wp-content\/uploads\/2026\/01\/KPA_Ulm_2026.jpg\" loading=\"eager\" data-srcset=\"https:\/\/www.cena.de\/wp-content\/uploads\/2026\/01\/KPA_Ulm_2026.jpg 606w, https:\/\/www.cena.de\/wp-content\/uploads\/2026\/01\/KPA_Ulm_2026-300x300.jpg 300w, https:\/\/www.cena.de\/wp-content\/uploads\/2026\/01\/KPA_Ulm_2026-150x150.jpg 150w, https:\/\/www.cena.de\/wp-content\/uploads\/2026\/01\/KPA_Ulm_2026-12x12.jpg 12w\" \/><\/a>\n\t\t<\/div>\n\t<\/div>\n\n\n<div class=\"post-entry-content\">\n\n\t<h3 class=\"ele-entry-title\"><a href=\"https:\/\/www.cena.de\/en\/kpa-messe-in-ulm-25-26-februar-2026\/\" rel=\"bookmark\" title=\"KPA Messe in Ulm 25. + 26. Februar 2026\">KPA Messe in Ulm 25. + 26. Februar 2026<\/a><\/h3><div class=\"entry-meta\"><span class=\"meta-item category-link\"><a href=\"https:\/\/www.cena.de\/en\/category\/kpa\/\" rel=\"tag\">KPA<\/a>, <a href=\"https:\/\/www.cena.de\/en\/category\/messe\/\" rel=\"tag\">Messe<\/a><\/span><span class=\"meta-item data-link\"><time class=\"entry-date updated\" datetime=\"2026-01-21T00:06:39+01:00\">21. January 2026<\/time><\/span><\/div><div class=\"entry-excerpt\"><p>Auf der KPA in ULM treffen die neusten Trends und Technologien rund um Kunststoffprodukte aufeinander. Auch in diesem Jahr sind wir auf der KPA in Ulm vertreten und freuen uns darauf, Ihnen unsere innovativen L\u00f6sungen zu pr\u00e4sentieren. Wir stellen vor: Unsere werkzeuglosen Montagel\u00f6sungen \u2013 darunter die PIM sowie die PIHD Push-in-Einsteckverschraubung \u2013 f\u00fcr eine effiziente und unkomplizierte Anwendung. Au\u00dferdem finden Sie neben Kunststoffprodukten wie Stopfen und Kappen auch unsere Halbverschraubungen sowie die neue VERV -variable Einsteckrastverschraubung- im Einsatz mit vorkonfektionierten Kabeln f\u00fcr Geh\u00e4usebohrungen. Kostenfreie Messetickets f\u00fcr die KPA Ulm stellen wir Ihnen gerne zur Verf\u00fcgung.<\/p>\n<\/div><a href=\"https:\/\/www.cena.de\/en\/kpa-messe-in-ulm-25-26-februar-2026\/\" target=\"\" aria-label=\"Read more about KPA Messe in Ulm 25. + 26. Februar 2026\" class=\"box-button elementor-button elementor-size-xs\">mehr<\/a>\n<\/div><\/article><\/div><div class=\"visible wf-cell\" data-post-id=\"5026\" data-date=\"2025-11-17T13:47:12+01:00\" data-name=\"Cena dreht an der Effizienzschraube  |  K-Zeitung\"><article class=\"post visible post-5026 type-post status-publish format-standard has-post-thumbnail hentry category-presse tag-k-zeitung category-48 description-off\" data-name=\"Cena dreht an der Effizienzschraube  |  K-Zeitung\" data-date=\"2025-11-17T13:47:12+01:00\">\n\n\t<div class=\"post-thumbnail-wrap\">\n\t\t<div class=\"post-thumbnail\">\n\n\t\t\t<a class=\"post-thumbnail-rollover layzr-bg img-css-resize-wrapper\" aria-label=\"Post image\" href=\"https:\/\/www.cena.de\/en\/single-product-page\/\"><img decoding=\"async\" width=\"2560\" height=\"1811\" src=\"data:image\/svg+xml,%3Csvg%20xmlns%3D&#039;http%3A%2F%2Fwww.w3.org%2F2000%2Fsvg&#039;%20viewBox%3D&#039;0%200%202560%201811&#039;%2F%3E\" class=\"attachment-full size-full preload-me aspect lazy lazy-load\" alt=\"\" sizes=\"(max-width: 2560px) 100vw, 2560px\" style=\"--ratio: 2560 \/ 1811;\" data-src=\"https:\/\/www.cena.de\/wp-content\/uploads\/2025\/11\/Cena_News_K-Zeitung_11-2025-scaled.jpg\" loading=\"eager\" data-srcset=\"https:\/\/www.cena.de\/wp-content\/uploads\/2025\/11\/Cena_News_K-Zeitung_11-2025-scaled.jpg 2560w, https:\/\/www.cena.de\/wp-content\/uploads\/2025\/11\/Cena_News_K-Zeitung_11-2025-300x212.jpg 300w, https:\/\/www.cena.de\/wp-content\/uploads\/2025\/11\/Cena_News_K-Zeitung_11-2025-1024x724.jpg 1024w, https:\/\/www.cena.de\/wp-content\/uploads\/2025\/11\/Cena_News_K-Zeitung_11-2025-768x543.jpg 768w, https:\/\/www.cena.de\/wp-content\/uploads\/2025\/11\/Cena_News_K-Zeitung_11-2025-1536x1086.jpg 1536w, https:\/\/www.cena.de\/wp-content\/uploads\/2025\/11\/Cena_News_K-Zeitung_11-2025-2048x1449.jpg 2048w, https:\/\/www.cena.de\/wp-content\/uploads\/2025\/11\/Cena_News_K-Zeitung_11-2025-18x12.jpg 18w\" \/><\/a>\n\t\t<\/div>\n\t<\/div>\n\n\n<div class=\"post-entry-content\">\n\n\t<h3 class=\"ele-entry-title\"><a href=\"https:\/\/www.cena.de\/en\/single-product-page\/\" rel=\"bookmark\" title=\"Cena dreht an der Effizienzschraube  |  K-Zeitung\">Cena dreht an der Effizienzschraube  |  K-Zeitung<\/a><\/h3><div class=\"entry-meta\"><span class=\"meta-item category-link\"><a href=\"https:\/\/www.cena.de\/en\/category\/presse\/\" rel=\"tag\">Presse<\/a><\/span><span class=\"meta-item data-link\"><time class=\"entry-date updated\" datetime=\"2025-11-17T13:47:12+01:00\">17. November 2025<\/time><\/span><\/div><div class=\"entry-excerpt\"><p>Cena dreht an der Effizienzschraube Standardisieren, automatisieren, nachhaltig agieren: Kunststoffverarbeiter Cena dreht st\u00e4ndig an der Effizienzschraube \u2013 mit 32 Spritzgie\u00dfmaschinen von Boy. K-Zeitung | Ausgabe 14 | 18. November 2025 LINK: Zum Artikel<\/p>\n<\/div><a href=\"https:\/\/www.cena.de\/en\/single-product-page\/\" target=\"\" aria-label=\"Read more about Cena dreht an der Effizienzschraube  |  K-Zeitung\" class=\"box-button elementor-button elementor-size-xs\">mehr<\/a>\n<\/div><\/article><\/div><div class=\"visible wf-cell\" data-post-id=\"4937\" data-date=\"2025-03-11T14:27:32+01:00\" data-name=\"KPA Messe in Bad Salzuflen 13.-15. Mai 2025\"><article class=\"post visible post-4937 type-post status-publish format-standard has-post-thumbnail hentry category-messe tag-kpa category-62 description-off\" data-name=\"KPA Messe in Bad Salzuflen 13.-15. Mai 2025\" data-date=\"2025-03-11T14:27:32+01:00\">\n\n\t<div class=\"post-thumbnail-wrap\">\n\t\t<div class=\"post-thumbnail\">\n\n\t\t\t<a class=\"post-thumbnail-rollover layzr-bg img-css-resize-wrapper\" aria-label=\"Post image\" href=\"https:\/\/www.cena.de\/en\/kpa-messe-in-bad-salzuflen-13-15-mai-2025\/\"><img decoding=\"async\" width=\"1080\" height=\"1080\" src=\"data:image\/svg+xml,%3Csvg%20xmlns%3D&#039;http%3A%2F%2Fwww.w3.org%2F2000%2Fsvg&#039;%20viewBox%3D&#039;0%200%201080%201080&#039;%2F%3E\" class=\"attachment-full size-full preload-me aspect lazy lazy-load\" alt=\"\" sizes=\"(max-width: 1080px) 100vw, 1080px\" style=\"--ratio: 1080 \/ 1080;\" data-src=\"https:\/\/www.cena.de\/wp-content\/uploads\/2025\/03\/ue-banner_fuer-LinkedIn.png\" loading=\"eager\" data-srcset=\"https:\/\/www.cena.de\/wp-content\/uploads\/2025\/03\/ue-banner_fuer-LinkedIn.png 1080w, https:\/\/www.cena.de\/wp-content\/uploads\/2025\/03\/ue-banner_fuer-LinkedIn-300x300.png 300w, https:\/\/www.cena.de\/wp-content\/uploads\/2025\/03\/ue-banner_fuer-LinkedIn-1024x1024.png 1024w, https:\/\/www.cena.de\/wp-content\/uploads\/2025\/03\/ue-banner_fuer-LinkedIn-150x150.png 150w, https:\/\/www.cena.de\/wp-content\/uploads\/2025\/03\/ue-banner_fuer-LinkedIn-768x768.png 768w, https:\/\/www.cena.de\/wp-content\/uploads\/2025\/03\/ue-banner_fuer-LinkedIn-12x12.png 12w\" \/><\/a>\n\t\t<\/div>\n\t<\/div>\n\n\n<div class=\"post-entry-content\">\n\n\t<h3 class=\"ele-entry-title\"><a href=\"https:\/\/www.cena.de\/en\/kpa-messe-in-bad-salzuflen-13-15-mai-2025\/\" rel=\"bookmark\" title=\"KPA Messe in Bad Salzuflen 13.-15. Mai 2025\">KPA Messe in Bad Salzuflen 13.-15. Mai 2025<\/a><\/h3><div class=\"entry-meta\"><span class=\"meta-item category-link\"><a href=\"https:\/\/www.cena.de\/en\/category\/messe\/\" rel=\"tag\">Messe<\/a><\/span><span class=\"meta-item data-link\"><time class=\"entry-date updated\" datetime=\"2025-03-11T14:27:32+01:00\">11. March 2025<\/time><\/span><\/div><div class=\"entry-excerpt\"><p>Die KPA Messe ist der Treffpunkt der Kunststoffbranche \u2013 eine kompakte und inspirierende Plattform, um zukunftsweisende L\u00f6sungen hautnah zu erleben. Und wir sind stolz, zum ersten Mal als Aussteller auf der KPA Bad Salzuflen vertreten zu sein! Komm vorbei, lass dich von innovativen Ideen und L\u00f6sungen rund um die Kunststoffbranche begeistern und nutze die Gelegenheit f\u00fcr spannende Gespr\u00e4che. Wir freuen uns, dir unsere neuesten Entwicklungen vorzustellen und gemeinsam mit dir L\u00f6sungen zu entdecken, die echte Mehrwerte schaffen! \ud83d\udcc5 Wann? 13 &#8211; 15 Mai 2025 \ud83d\udccd Wo? Benzstra\u00dfe 23, 32108 Bad Salzuflen Unser Stand: 21-D6 \u2013 Wir freuen uns auf euren Besuch! \ud83e\udd1d \ud83d\udca1kostenfreie Tickets f\u00fcr die KPA Bad Salzuflen stehen zur Verf\u00fcgung. Wenn Sie Interesse haben, lassen Sie es uns bitte wissen. Schreib einfach an: eku@cena.de, und wir k\u00fcmmern uns um alles Weitere.<\/p>\n<\/div><a href=\"https:\/\/www.cena.de\/en\/kpa-messe-in-bad-salzuflen-13-15-mai-2025\/\" target=\"\" aria-label=\"Read more about KPA Messe in Bad Salzuflen 13.-15. Mai 2025\" class=\"box-button elementor-button elementor-size-xs\">mehr<\/a>\n<\/div><\/article><\/div><div class=\"visible wf-cell\" data-post-id=\"4815\" data-date=\"2024-02-28T21:29:31+01:00\" data-name=\"PIM PUSH-IN Kabel-Einsteckrastverschraubung f\u00fcr LAN-Kabel\"><article class=\"post visible post-4815 type-post status-publish format-standard has-post-thumbnail hentry category-einsteckverschraubung category-pushin-variable-einsteckrastverschraubung category-video tag-video category-46 category-50 category-51 description-off\" data-name=\"PIM PUSH-IN Kabel-Einsteckrastverschraubung f\u00fcr LAN-Kabel\" data-date=\"2024-02-28T21:29:31+01:00\">\n\n\t<div class=\"post-thumbnail-wrap\">\n\t\t<div class=\"post-thumbnail\">\n\n\t\t\t<a class=\"post-thumbnail-rollover layzr-bg img-css-resize-wrapper\" aria-label=\"Post image\" href=\"https:\/\/www.cena.de\/en\/single-product-page-2\/\"><img decoding=\"async\" width=\"1920\" height=\"1080\" src=\"data:image\/svg+xml,%3Csvg%20xmlns%3D&#039;http%3A%2F%2Fwww.w3.org%2F2000%2Fsvg&#039;%20viewBox%3D&#039;0%200%201920%201080&#039;%2F%3E\" class=\"attachment-full size-full preload-me aspect lazy lazy-load\" alt=\"\" sizes=\"(max-width: 1920px) 100vw, 1920px\" style=\"--ratio: 1920 \/ 1080;\" data-src=\"https:\/\/www.cena.de\/wp-content\/uploads\/2024\/02\/PIM_Vorschaubild.jpg\" loading=\"eager\" data-srcset=\"https:\/\/www.cena.de\/wp-content\/uploads\/2024\/02\/PIM_Vorschaubild.jpg 1920w, https:\/\/www.cena.de\/wp-content\/uploads\/2024\/02\/PIM_Vorschaubild-300x169.jpg 300w, https:\/\/www.cena.de\/wp-content\/uploads\/2024\/02\/PIM_Vorschaubild-1024x576.jpg 1024w, https:\/\/www.cena.de\/wp-content\/uploads\/2024\/02\/PIM_Vorschaubild-768x432.jpg 768w, https:\/\/www.cena.de\/wp-content\/uploads\/2024\/02\/PIM_Vorschaubild-1536x864.jpg 1536w, https:\/\/www.cena.de\/wp-content\/uploads\/2024\/02\/PIM_Vorschaubild-18x10.jpg 18w\" \/><\/a>\n\t\t<\/div>\n\t<\/div>\n\n\n<div class=\"post-entry-content\">\n\n\t<h3 class=\"ele-entry-title\"><a href=\"https:\/\/www.cena.de\/en\/single-product-page-2\/\" rel=\"bookmark\" title=\"PIM PUSH-IN Kabel-Einsteckrastverschraubung f\u00fcr LAN-Kabel\">PIM PUSH-IN Kabel-Einsteckrastverschraubung f\u00fcr LAN-Kabel<\/a><\/h3><div class=\"entry-meta\"><span class=\"meta-item category-link\"><a href=\"https:\/\/www.cena.de\/en\/category\/einsteckverschraubung\/\" rel=\"tag\">Einsteckverschraubung<\/a>, <a href=\"https:\/\/www.cena.de\/en\/category\/push%e2%80%90in-variable-einsteckrastverschraubung\/\" rel=\"tag\">PUSH\u2010IN Variable Einsteckrastverschraubung<\/a>, <a href=\"https:\/\/www.cena.de\/en\/category\/video\/\" rel=\"tag\">Video<\/a><\/span><span class=\"meta-item data-link\"><time class=\"entry-date updated\" datetime=\"2024-02-28T21:29:31+01:00\">28. February 2024<\/time><\/span><\/div><div class=\"entry-excerpt\"><p>Zur werkzeuglosen Montage von konfektionierten LAN-Kabeln \/ Netzwerkkabeln \/ Patchkabeln Technische Daten: PIM16-13035 oder PIM20-13035 f\u00fcr ein Montagebohrloch \u00f816,5 mm oder \u00f820,5 mm, Geh\u00e4usewandst\u00e4rke von 1,0 bis 4,0 mm f\u00fcr bereits fertig konfektionierte Patch-\/ Lan-\/ RJ45-Kabel IP68 Kundenspezifische L\u00f6sungen gerne auf Anfrage. &nbsp;<\/p>\n<\/div><a href=\"https:\/\/www.cena.de\/en\/single-product-page-2\/\" target=\"\" aria-label=\"Read more about PIM PUSH-IN Kabel-Einsteckrastverschraubung f\u00fcr LAN-Kabel\" class=\"box-button elementor-button elementor-size-xs\">mehr<\/a>\n<\/div><\/article><\/div><div class=\"visible wf-cell\" data-post-id=\"4807\" data-date=\"2024-02-26T11:58:14+01:00\" data-name=\"PIHD PUSH-IN Einsteckrastverschraubung zur werkzeuglosen Montage\"><article class=\"post visible post-4807 type-post status-publish format-standard has-post-thumbnail hentry category-einsteckverschraubung category-pushin-variable-einsteckrastverschraubung category-video tag-video category-46 category-50 category-51 description-off\" data-name=\"PIHD PUSH-IN Einsteckrastverschraubung zur werkzeuglosen Montage\" data-date=\"2024-02-26T11:58:14+01:00\">\n\n\t<div class=\"post-thumbnail-wrap\">\n\t\t<div class=\"post-thumbnail\">\n\n\t\t\t<a class=\"post-thumbnail-rollover layzr-bg img-css-resize-wrapper\" aria-label=\"Post image\" href=\"https:\/\/www.cena.de\/en\/single-product-page-3\/\"><img decoding=\"async\" width=\"1920\" height=\"1080\" src=\"data:image\/svg+xml,%3Csvg%20xmlns%3D&#039;http%3A%2F%2Fwww.w3.org%2F2000%2Fsvg&#039;%20viewBox%3D&#039;0%200%201920%201080&#039;%2F%3E\" class=\"attachment-full size-full preload-me aspect lazy lazy-load\" alt=\"\" sizes=\"(max-width: 1920px) 100vw, 1920px\" style=\"--ratio: 1920 \/ 1080;\" data-src=\"https:\/\/www.cena.de\/wp-content\/uploads\/2024\/02\/PIHD_Vorschaubild.jpg\" loading=\"eager\" data-srcset=\"https:\/\/www.cena.de\/wp-content\/uploads\/2024\/02\/PIHD_Vorschaubild.jpg 1920w, https:\/\/www.cena.de\/wp-content\/uploads\/2024\/02\/PIHD_Vorschaubild-300x169.jpg 300w, https:\/\/www.cena.de\/wp-content\/uploads\/2024\/02\/PIHD_Vorschaubild-1024x576.jpg 1024w, https:\/\/www.cena.de\/wp-content\/uploads\/2024\/02\/PIHD_Vorschaubild-768x432.jpg 768w, https:\/\/www.cena.de\/wp-content\/uploads\/2024\/02\/PIHD_Vorschaubild-1536x864.jpg 1536w, https:\/\/www.cena.de\/wp-content\/uploads\/2024\/02\/PIHD_Vorschaubild-18x10.jpg 18w\" \/><\/a>\n\t\t<\/div>\n\t<\/div>\n\n\n<div class=\"post-entry-content\">\n\n\t<h3 class=\"ele-entry-title\"><a href=\"https:\/\/www.cena.de\/en\/single-product-page-3\/\" rel=\"bookmark\" title=\"PIHD PUSH-IN Einsteckrastverschraubung zur werkzeuglosen Montage\">PIHD PUSH-IN Einsteckrastverschraubung zur werkzeuglosen Montage<\/a><\/h3><div class=\"entry-meta\"><span class=\"meta-item category-link\"><a href=\"https:\/\/www.cena.de\/en\/category\/einsteckverschraubung\/\" rel=\"tag\">Einsteckverschraubung<\/a>, <a href=\"https:\/\/www.cena.de\/en\/category\/push%e2%80%90in-variable-einsteckrastverschraubung\/\" rel=\"tag\">PUSH\u2010IN Variable Einsteckrastverschraubung<\/a>, <a href=\"https:\/\/www.cena.de\/en\/category\/video\/\" rel=\"tag\">Video<\/a><\/span><span class=\"meta-item data-link\"><time class=\"entry-date updated\" datetime=\"2024-02-26T11:58:14+01:00\">26. February 2024<\/time><\/span><\/div><div class=\"entry-excerpt\"><p>Die Montage kann werkzeuglos ohne Gegenmutter, nur durch das Drehen der \u00dcberwurfmutter,PIHD erfolgen! Technische Daten: Montagebohrloch \u00f816,5 mm Geh\u00e4usewandst\u00e4rke von 1,0 bis 4,0 mm Klemmbereich\/Kabelquerschnitt 5-12 mm IP68 Weitere Gr\u00f6\u00dfen in Bearbeitung. Kundenspezifische L\u00f6sungen gerne auf Anfrage. &nbsp; &nbsp;<\/p>\n<\/div><a href=\"https:\/\/www.cena.de\/en\/single-product-page-3\/\" target=\"\" aria-label=\"Read more about PIHD PUSH-IN Einsteckrastverschraubung zur werkzeuglosen Montage\" class=\"box-button elementor-button elementor-size-xs\">mehr<\/a>\n<\/div><\/article><\/div><div class=\"visible wf-cell\" data-post-id=\"4778\" data-date=\"2024-02-21T23:23:00+01:00\" data-name=\"Erweiterung des PUSH\u2010IN Variablen Einsteckrastverschraubungs-Programm mit der neuen VERV25\u2010M225\"><article class=\"post visible post-4778 type-post status-publish format-standard has-post-thumbnail hentry category-einsteckverschraubung category-pushin-variable-einsteckrastverschraubung category-video tag-video category-46 category-50 category-51 description-off\" data-name=\"Erweiterung des PUSH\u2010IN Variablen Einsteckrastverschraubungs-Programm mit der neuen VERV25\u2010M225\" data-date=\"2024-02-21T23:23:00+01:00\">\n\n\t<div class=\"post-thumbnail-wrap\">\n\t\t<div class=\"post-thumbnail\">\n\n\t\t\t<a class=\"post-thumbnail-rollover layzr-bg img-css-resize-wrapper\" aria-label=\"Post image\" href=\"https:\/\/www.cena.de\/en\/single-product-page-4\/\"><img decoding=\"async\" width=\"501\" height=\"799\" src=\"data:image\/svg+xml,%3Csvg%20xmlns%3D&#039;http%3A%2F%2Fwww.w3.org%2F2000%2Fsvg&#039;%20viewBox%3D&#039;0%200%20501%20799&#039;%2F%3E\" class=\"attachment-full size-full preload-me aspect lazy lazy-load\" alt=\"\" sizes=\"(max-width: 501px) 100vw, 501px\" style=\"--ratio: 501 \/ 799;\" data-src=\"https:\/\/www.cena.de\/wp-content\/uploads\/2023\/01\/Einsteckrastverschraubung_03.jpg\" loading=\"eager\" data-srcset=\"https:\/\/www.cena.de\/wp-content\/uploads\/2023\/01\/Einsteckrastverschraubung_03.jpg 501w, https:\/\/www.cena.de\/wp-content\/uploads\/2023\/01\/Einsteckrastverschraubung_03-188x300.jpg 188w, https:\/\/www.cena.de\/wp-content\/uploads\/2023\/01\/Einsteckrastverschraubung_03-8x12.jpg 8w\" \/><\/a>\n\t\t<\/div>\n\t<\/div>\n\n\n<div class=\"post-entry-content\">\n\n\t<h3 class=\"ele-entry-title\"><a href=\"https:\/\/www.cena.de\/en\/single-product-page-4\/\" rel=\"bookmark\" title=\"Erweiterung des PUSH\u2010IN Variablen Einsteckrastverschraubungs-Programm mit der neuen VERV25\u2010M225\">Erweiterung des PUSH\u2010IN Variablen Einsteckrastverschraubungs-Programm mit der neuen VERV25\u2010M225<\/a><\/h3><div class=\"entry-meta\"><span class=\"meta-item category-link\"><a href=\"https:\/\/www.cena.de\/en\/category\/einsteckverschraubung\/\" rel=\"tag\">Einsteckverschraubung<\/a>, <a href=\"https:\/\/www.cena.de\/en\/category\/push%e2%80%90in-variable-einsteckrastverschraubung\/\" rel=\"tag\">PUSH\u2010IN Variable Einsteckrastverschraubung<\/a>, <a href=\"https:\/\/www.cena.de\/en\/category\/video\/\" rel=\"tag\">Video<\/a><\/span><span class=\"meta-item data-link\"><time class=\"entry-date updated\" datetime=\"2024-02-21T23:23:00+01:00\">21. February 2024<\/time><\/span><\/div><div class=\"entry-excerpt\"><p>Vielseitig einsetzbar f\u00fcr gro\u00dfe Geh\u00e4use-Wandst\u00e4rkenunterschiede von ca. 0,8-4 mm Optimiert f\u00fcr die M\u00f6glichkeit der Montage mit bereits an der Verschraubung vorkonfektionierten Kabeln Einseitige, leichte und schnelle Montage von au\u00dfen z.B. an einem Geh\u00e4use ohne Gegenmutter Eigene Entwicklung \u2013 als Alternative zu bestehenden Einsteckverschraubungen der Mitbewerber geeignet f\u00fcr den standardisierten Einbau und zerst\u00f6rungsfreien Ausbau Kosteng\u00fcnstig Auszugskraft der Verschraubung &gt;&gt;600N Ip68 Klemmbereiche: VERV16-M14 ca. 4-10 mm, reduziert ca. 2-7 mm VERV20-M18 ca. 6-12 mm, reduziert ca. 4-10 mm VERV25-M225 ca. 9-16 mm, reduziert ca. 5-14 mm &nbsp; &nbsp; xxx=018 tiefschwarz, \u00e4hnlich RAL 9005 xxx=035 lichtgrau, \u00e4hnlich RAL 7035 DOWNLOAD: Newsletter &nbsp;<\/p>\n<\/div><a href=\"https:\/\/www.cena.de\/en\/single-product-page-4\/\" target=\"\" aria-label=\"Read more about Erweiterung des PUSH\u2010IN Variablen Einsteckrastverschraubungs-Programm mit der neuen VERV25\u2010M225\" class=\"box-button elementor-button elementor-size-xs\">mehr<\/a>\n<\/div><\/article><\/div><div class=\"visible wf-cell\" data-post-id=\"4682\" data-date=\"2023-09-25T09:59:26+02:00\" data-name=\"CENA-Kunststoff GmbH feiert 90-j\u00e4hriges Bestehen\"><article class=\"post visible post-4682 type-post status-publish format-standard has-post-thumbnail hentry category-presse category-unternehmen category-48 category-42 description-off\" data-name=\"CENA-Kunststoff GmbH feiert 90-j\u00e4hriges Bestehen\" data-date=\"2023-09-25T09:59:26+02:00\">\n\n\t<div class=\"post-thumbnail-wrap\">\n\t\t<div class=\"post-thumbnail\">\n\n\t\t\t<a class=\"post-thumbnail-rollover layzr-bg img-css-resize-wrapper\" aria-label=\"Post image\" href=\"https:\/\/www.cena.de\/en\/single-product-page-5\/\"><img decoding=\"async\" width=\"2000\" height=\"1526\" src=\"data:image\/svg+xml,%3Csvg%20xmlns%3D&#039;http%3A%2F%2Fwww.w3.org%2F2000%2Fsvg&#039;%20viewBox%3D&#039;0%200%202000%201526&#039;%2F%3E\" class=\"attachment-full size-full preload-me aspect lazy lazy-load\" alt=\"\" sizes=\"(max-width: 2000px) 100vw, 2000px\" style=\"--ratio: 2000 \/ 1526;\" data-src=\"https:\/\/www.cena.de\/wp-content\/uploads\/2023\/09\/Cena_HNA_90_Jahre.jpg\" loading=\"eager\" data-srcset=\"https:\/\/www.cena.de\/wp-content\/uploads\/2023\/09\/Cena_HNA_90_Jahre.jpg 2000w, https:\/\/www.cena.de\/wp-content\/uploads\/2023\/09\/Cena_HNA_90_Jahre-300x229.jpg 300w, https:\/\/www.cena.de\/wp-content\/uploads\/2023\/09\/Cena_HNA_90_Jahre-1024x781.jpg 1024w, https:\/\/www.cena.de\/wp-content\/uploads\/2023\/09\/Cena_HNA_90_Jahre-768x586.jpg 768w, https:\/\/www.cena.de\/wp-content\/uploads\/2023\/09\/Cena_HNA_90_Jahre-1536x1172.jpg 1536w, https:\/\/www.cena.de\/wp-content\/uploads\/2023\/09\/Cena_HNA_90_Jahre-16x12.jpg 16w\" \/><\/a>\n\t\t<\/div>\n\t<\/div>\n\n\n<div class=\"post-entry-content\">\n\n\t<h3 class=\"ele-entry-title\"><a href=\"https:\/\/www.cena.de\/en\/single-product-page-5\/\" rel=\"bookmark\" title=\"CENA-Kunststoff GmbH feiert 90-j\u00e4hriges Bestehen\">CENA-Kunststoff GmbH feiert 90-j\u00e4hriges Bestehen<\/a><\/h3><div class=\"entry-meta\"><span class=\"meta-item category-link\"><a href=\"https:\/\/www.cena.de\/en\/category\/presse\/\" rel=\"tag\">Presse<\/a>, <a href=\"https:\/\/www.cena.de\/en\/category\/unternehmen\/\" rel=\"tag\">Unternehmen<\/a><\/span><span class=\"meta-item data-link\"><time class=\"entry-date updated\" datetime=\"2023-09-25T09:59:26+02:00\">25. September 2023<\/time><\/span><\/div><div class=\"entry-excerpt\"><p>Mit einem Familienfest f\u00fcr die 45 Mitarbeiter und deren Angeh\u00f6rige hat die Battenberger Firma CENA-Kunststoff GmbH ihr 90-j\u00e4hriges Bestehen gefeiert. Neben einem offiziellen Empfang gab es F\u00fchrungen durch den Betrieb, Spielm\u00f6glichkeiten f\u00fcr Kinder, Kaffee und Kuchen sowie eine Abendveranstaltung. (HNA &#8211; Frankenberger Allgemeine vom 14.09.2023)<\/p>\n<\/div><a href=\"https:\/\/www.cena.de\/en\/single-product-page-5\/\" target=\"\" aria-label=\"Read more about CENA-Kunststoff GmbH feiert 90-j\u00e4hriges Bestehen\" class=\"box-button elementor-button elementor-size-xs\">mehr<\/a>\n<\/div><\/article><\/div><\/div><!-- iso-container|iso-grid --><div class=\"paginator filter-decorations filter-pointer-underline filter-animation-fade\" role=\"navigation\"><a href=\"https:\/\/www.cena.de\/en\/wp-json\/wp\/v2\/pages\/2706\/\" class=\"page-numbers filter-item act\" data-page-num=\"1\">1<\/a><a href=\"https:\/\/www.cena.de\/en\/wp-json\/wp\/v2\/pages\/2706\/page\/2\/\" class=\"page-numbers filter-item \" data-page-num=\"2\">2<\/a><a href=\"https:\/\/www.cena.de\/en\/wp-json\/wp\/v2\/pages\/2706\/page\/2\/\" class=\"page-numbers nav-next filter-item\" data-page-num=\"2\" >\u2192<\/a><\/div><\/div>\t\t\t\t<\/div>\n\t\t\t\t<\/div>\n\t\t\t\t\t<\/div>\n\t\t<\/div>\n\t\t\t\t\t<\/div>\n\t\t<\/section>\n\t\t\t\t<\/div>\n\t\t","protected":false},"excerpt":{"rendered":"<p>Aktuelles PIM PUSH-IN Kabel-Einsteckrastverschraubung f\u00fcr LAN-Kabel Einsteckverschraubung, PUSH\u2010IN Variable Einsteckrastverschraubung, Video28. Februar 2024 Zur werkzeuglosen Montage von konfektionierten LAN-Kabeln \/ Netzwerkkabeln \/ Patchkabeln Technische Daten: PIM16-13035 oder PIM20-13035 f\u00fcr ein Montagebohrloch \u00f816,5 mm oder \u00f820,5 mm, Geh\u00e4usewandst\u00e4rke von 1,0 bis 4,0 mm f\u00fcr bereits fertig konfektionierte Patch-\/ Lan-\/ RJ45-Kabel IP68 Kundenspezifische L\u00f6sungen gerne auf Anfrage.&hellip;<\/p>","protected":false},"author":1,"featured_media":0,"parent":0,"menu_order":0,"comment_status":"closed","ping_status":"closed","template":"elementor_theme","meta":{"footnotes":""},"class_list":["post-2706","page","type-page","status-publish","hentry","category-48","category-42","description-off"],"_links":{"self":[{"href":"https:\/\/www.cena.de\/en\/wp-json\/wp\/v2\/pages\/2706","targetHints":{"allow":["GET"]}}],"collection":[{"href":"https:\/\/www.cena.de\/en\/wp-json\/wp\/v2\/pages"}],"about":[{"href":"https:\/\/www.cena.de\/en\/wp-json\/wp\/v2\/types\/page"}],"author":[{"embeddable":true,"href":"https:\/\/www.cena.de\/en\/wp-json\/wp\/v2\/users\/1"}],"replies":[{"embeddable":true,"href":"https:\/\/www.cena.de\/en\/wp-json\/wp\/v2\/comments?post=2706"}],"version-history":[{"count":0,"href":"https:\/\/www.cena.de\/en\/wp-json\/wp\/v2\/pages\/2706\/revisions"}],"wp:attachment":[{"href":"https:\/\/www.cena.de\/en\/wp-json\/wp\/v2\/media?parent=2706"}],"curies":[{"name":"wp","href":"https:\/\/api.w.org\/{rel}","templated":true}]}}